{"id":23225,"date":"2025-07-18T09:48:12","date_gmt":"2025-07-18T09:48:12","guid":{"rendered":"https:\/\/fundacionincipe.com\/?post_type=tribe_events&#038;p=23225"},"modified":"2025-07-18T09:48:12","modified_gmt":"2025-07-18T09:48:12","slug":"reunion-informal-de-ministros-de-asuntos-europeos","status":"publish","type":"tribe_events","link":"https:\/\/fundacionincipe.com\/index.php\/event\/reunion-informal-de-ministros-de-asuntos-europeos\/","title":{"rendered":"Reuni\u00f3n informal de ministros de Asuntos Europeos"},"content":{"rendered":"","protected":false},"excerpt":{"rendered":"<p>Durante dos d\u00edas, en Copenhagen, los ministros responsables de los asuntos europeos se re\u00fanen en Dinamarca, bajo la presidencia rotatoria del Consejo de la UE, para preparar las prioridades del Consejo Europeo de oto\u00f1o. Tambi\u00e9n debatir\u00e1n sobre el Estado de Derecho y el proceso de ampliaci\u00f3n de la UE.<\/p>\n","protected":false},"author":3,"featured_media":0,"template":"","meta":{"_acf_changed":false,"_tribe_events_status":"","_tribe_events_status_reason":"","footnotes":""},"tags":[],"tribe_events_cat":[105],"class_list":["post-23225","tribe_events","type-tribe_events","status-publish","hentry","tribe_events_cat-espanol","cat_espanol"],"acf":[],"_links":{"self":[{"href":"https:\/\/fundacionincipe.com\/index.php\/wp-json\/wp\/v2\/tribe_events\/23225","targetHints":{"allow":["GET"]}}],"collection":[{"href":"https:\/\/fundacionincipe.com\/index.php\/wp-json\/wp\/v2\/tribe_events"}],"about":[{"href":"https:\/\/fundacionincipe.com\/index.php\/wp-json\/wp\/v2\/types\/tribe_events"}],"author":[{"embeddable":true,"href":"https:\/\/fundacionincipe.com\/index.php\/wp-json\/wp\/v2\/users\/3"}],"version-history":[{"count":1,"href":"https:\/\/fundacionincipe.com\/index.php\/wp-json\/wp\/v2\/tribe_events\/23225\/revisions"}],"predecessor-version":[{"id":23226,"href":"https:\/\/fundacionincipe.com\/index.php\/wp-json\/wp\/v2\/tribe_events\/23225\/revisions\/23226"}],"wp:attachment":[{"href":"https:\/\/fundacionincipe.com\/index.php\/wp-json\/wp\/v2\/media?parent=23225"}],"wp:term":[{"taxonomy":"post_tag","embeddable":true,"href":"https:\/\/fundacionincipe.com\/index.php\/wp-json\/wp\/v2\/tags?post=23225"},{"taxonomy":"tribe_events_cat","embeddable":true,"href":"https:\/\/fundacionincipe.com\/index.php\/wp-json\/wp\/v2\/tribe_events_cat?post=23225"}],"curies":[{"name":"wp","href":"https:\/\/api.w.org\/{rel}","templated":true}]}}