{"id":22788,"date":"2025-05-07T11:52:47","date_gmt":"2025-05-07T11:52:47","guid":{"rendered":"https:\/\/fundacionincipe.com\/?post_type=tribe_events&#038;p=22788"},"modified":"2025-07-18T09:27:12","modified_gmt":"2025-07-18T09:27:12","slug":"dia-internacional-del-recuerdo-de-la-trata-de-esclavos-y-de-su-abolicion","status":"publish","type":"tribe_events","link":"https:\/\/fundacionincipe.com\/index.php\/event\/dia-internacional-del-recuerdo-de-la-trata-de-esclavos-y-de-su-abolicion\/","title":{"rendered":"D\u00eda Internacional del Recuerdo de la Trata de Esclavos y de su Abolici\u00f3n"},"content":{"rendered":"","protected":false},"excerpt":{"rendered":"<p>Esta fecha conmemora la revuelta de 1791 en Saint-Domingue, honrando a las v\u00edctimas y a quienes lucharon por la abolici\u00f3n de la trata transatl\u00e1ntica. En 2025 habr\u00e1 actos interculturales coordinados por el proyecto \u201cLa Ruta del Esclavo\u201d de la UNESCO, con \u00e9nfasis en la memoria intergeneracional.<\/p>\n","protected":false},"author":3,"featured_media":0,"template":"","meta":{"_acf_changed":false,"_tribe_events_status":"","_tribe_events_status_reason":"","footnotes":""},"tags":[],"tribe_events_cat":[105],"class_list":["post-22788","tribe_events","type-tribe_events","status-publish","hentry","tribe_events_cat-espanol","cat_espanol"],"acf":[],"_links":{"self":[{"href":"https:\/\/fundacionincipe.com\/index.php\/wp-json\/wp\/v2\/tribe_events\/22788","targetHints":{"allow":["GET"]}}],"collection":[{"href":"https:\/\/fundacionincipe.com\/index.php\/wp-json\/wp\/v2\/tribe_events"}],"about":[{"href":"https:\/\/fundacionincipe.com\/index.php\/wp-json\/wp\/v2\/types\/tribe_events"}],"author":[{"embeddable":true,"href":"https:\/\/fundacionincipe.com\/index.php\/wp-json\/wp\/v2\/users\/3"}],"version-history":[{"count":2,"href":"https:\/\/fundacionincipe.com\/index.php\/wp-json\/wp\/v2\/tribe_events\/22788\/revisions"}],"predecessor-version":[{"id":23208,"href":"https:\/\/fundacionincipe.com\/index.php\/wp-json\/wp\/v2\/tribe_events\/22788\/revisions\/23208"}],"wp:attachment":[{"href":"https:\/\/fundacionincipe.com\/index.php\/wp-json\/wp\/v2\/media?parent=22788"}],"wp:term":[{"taxonomy":"post_tag","embeddable":true,"href":"https:\/\/fundacionincipe.com\/index.php\/wp-json\/wp\/v2\/tags?post=22788"},{"taxonomy":"tribe_events_cat","embeddable":true,"href":"https:\/\/fundacionincipe.com\/index.php\/wp-json\/wp\/v2\/tribe_events_cat?post=22788"}],"curies":[{"name":"wp","href":"https:\/\/api.w.org\/{rel}","templated":true}]}}