{"id":22737,"date":"2025-05-07T10:46:43","date_gmt":"2025-05-07T10:46:43","guid":{"rendered":"https:\/\/fundacionincipe.com\/?post_type=tribe_events&#038;p=22737"},"modified":"2025-05-07T10:46:43","modified_gmt":"2025-05-07T10:46:43","slug":"43o-aniversario-de-la-entrada-de-espana-en-la-otan","status":"publish","type":"tribe_events","link":"https:\/\/fundacionincipe.com\/index.php\/event\/43o-aniversario-de-la-entrada-de-espana-en-la-otan\/","title":{"rendered":"43\u00ba aniversario de la entrada de Espa\u00f1a en la OTAN"},"content":{"rendered":"","protected":false},"excerpt":{"rendered":"<p>Conmemoramos el aniversario de la entrada de Espa\u00f1a en la OTAN, un hito hist\u00f3rico que consolid\u00f3 su integraci\u00f3n en la defensa colectiva de la Alianza Atl\u00e1ntica, reafirmando su compromiso con la paz, la seguridad y la estabilidad global.<\/p>\n","protected":false},"author":3,"featured_media":0,"template":"","meta":{"_acf_changed":false,"_tribe_events_status":"","_tribe_events_status_reason":"","footnotes":""},"tags":[],"tribe_events_cat":[105],"class_list":["post-22737","tribe_events","type-tribe_events","status-publish","hentry","tribe_events_cat-espanol","cat_espanol"],"acf":[],"_links":{"self":[{"href":"https:\/\/fundacionincipe.com\/index.php\/wp-json\/wp\/v2\/tribe_events\/22737","targetHints":{"allow":["GET"]}}],"collection":[{"href":"https:\/\/fundacionincipe.com\/index.php\/wp-json\/wp\/v2\/tribe_events"}],"about":[{"href":"https:\/\/fundacionincipe.com\/index.php\/wp-json\/wp\/v2\/types\/tribe_events"}],"author":[{"embeddable":true,"href":"https:\/\/fundacionincipe.com\/index.php\/wp-json\/wp\/v2\/users\/3"}],"version-history":[{"count":1,"href":"https:\/\/fundacionincipe.com\/index.php\/wp-json\/wp\/v2\/tribe_events\/22737\/revisions"}],"predecessor-version":[{"id":22738,"href":"https:\/\/fundacionincipe.com\/index.php\/wp-json\/wp\/v2\/tribe_events\/22737\/revisions\/22738"}],"wp:attachment":[{"href":"https:\/\/fundacionincipe.com\/index.php\/wp-json\/wp\/v2\/media?parent=22737"}],"wp:term":[{"taxonomy":"post_tag","embeddable":true,"href":"https:\/\/fundacionincipe.com\/index.php\/wp-json\/wp\/v2\/tags?post=22737"},{"taxonomy":"tribe_events_cat","embeddable":true,"href":"https:\/\/fundacionincipe.com\/index.php\/wp-json\/wp\/v2\/tribe_events_cat?post=22737"}],"curies":[{"name":"wp","href":"https:\/\/api.w.org\/{rel}","templated":true}]}}