{"id":12405,"date":"2023-03-06T13:45:08","date_gmt":"2023-03-06T13:45:08","guid":{"rendered":"https:\/\/fundacionincipe.com\/?page_id=12405"},"modified":"2025-03-01T20:15:17","modified_gmt":"2025-03-01T20:15:17","slug":"portada-en-ingles","status":"publish","type":"page","link":"https:\/\/fundacionincipe.com\/index.php\/portada-en-ingles\/","title":{"rendered":"Portada en Ingles"},"content":{"rendered":"\t\t<div data-elementor-type=\"wp-page\" data-elementor-id=\"12405\" class=\"elementor elementor-12405\" data-elementor-post-type=\"page\">\n\t\t\t\t\t\t<section class=\"elementor-section elementor-top-section elementor-element elementor-element-4e6cdb2 elementor-reverse-tablet elementor-reverse-mobile elementor-section-boxed elementor-section-height-default elementor-section-height-default elementor-invisible\" data-id=\"4e6cdb2\" data-element_type=\"section\" data-settings=\"{&quot;animation&quot;:&quot;fadeInRight&quot;}\">\n\t\t\t\t\t\t<div class=\"elementor-container elementor-column-gap-default\">\n\t\t\t\t\t<div class=\"elementor-column elementor-col-50 elementor-top-column elementor-element elementor-element-d964abe\" data-id=\"d964abe\" data-element_type=\"column\">\n\t\t\t<div class=\"elementor-widget-wrap elementor-element-populated\">\n\t\t\t\t\t\t<div class=\"elementor-element elementor-element-d7c6b88 elementor-grid-1 e-transform elementor-grid-tablet-2 elementor-grid-mobile-1 elementor-posts--thumbnail-top elementor-widget elementor-widget-posts\" data-id=\"d7c6b88\" data-element_type=\"widget\" data-settings=\"{&quot;classic_columns&quot;:&quot;1&quot;,&quot;_transform_scale_effect_hover&quot;:{&quot;unit&quot;:&quot;px&quot;,&quot;size&quot;:0.9,&quot;sizes&quot;:[]},&quot;classic_columns_tablet&quot;:&quot;2&quot;,&quot;classic_columns_mobile&quot;:&quot;1&quot;,&quot;classic_row_gap&quot;:{&quot;unit&quot;:&quot;px&quot;,&quot;size&quot;:35,&quot;sizes&quot;:[]},&quot;classic_row_gap_tablet&quot;:{&quot;unit&quot;:&quot;px&quot;,&quot;size&quot;:&quot;&quot;,&quot;sizes&quot;:[]},&quot;classic_row_gap_mobile&quot;:{&quot;unit&quot;:&quot;px&quot;,&quot;size&quot;:&quot;&quot;,&quot;sizes&quot;:[]},&quot;_transform_scale_effect_hover_tablet&quot;:{&quot;unit&quot;:&quot;px&quot;,&quot;size&quot;:&quot;&quot;,&quot;sizes&quot;:[]},&quot;_transform_scale_effect_hover_mobile&quot;:{&quot;unit&quot;:&quot;px&quot;,&quot;size&quot;:&quot;&quot;,&quot;sizes&quot;:[]}}\" data-widget_type=\"posts.classic\">\n\t\t\t\t<div class=\"elementor-widget-container\">\n\t\t\t\t\t<div class=\"elementor-posts-container elementor-posts elementor-posts--skin-classic elementor-grid\">\n\t\t\t\t<article class=\"elementor-post elementor-grid-item post-22665 post type-post status-publish format-standard has-post-thumbnail hentry category-portada category-proxima-actividad\">\n\t\t\t\t<a class=\"elementor-post__thumbnail__link\" href=\"https:\/\/fundacionincipe.com\/index.php\/2025\/05\/06\/el-artico-en-el-2025-la-nueva-frontera-geopolitica\/\" tabindex=\"-1\" >\n\t\t\t<div class=\"elementor-post__thumbnail\"><img fetchpriority=\"high\" decoding=\"async\" width=\"1536\" height=\"864\" src=\"https:\/\/fundacionincipe.com\/wp-content\/uploads\/2026\/04\/China-en-tiempos-del-conflicto-en-Oriente-Medio-1536x864.jpg\" class=\"attachment-1536x1536 size-1536x1536 wp-image-23890\" alt=\"\" srcset=\"https:\/\/fundacionincipe.com\/wp-content\/uploads\/2026\/04\/China-en-tiempos-del-conflicto-en-Oriente-Medio-1536x864.jpg 1536w, https:\/\/fundacionincipe.com\/wp-content\/uploads\/2026\/04\/China-en-tiempos-del-conflicto-en-Oriente-Medio-300x169.jpg 300w, https:\/\/fundacionincipe.com\/wp-content\/uploads\/2026\/04\/China-en-tiempos-del-conflicto-en-Oriente-Medio-1024x576.jpg 1024w, https:\/\/fundacionincipe.com\/wp-content\/uploads\/2026\/04\/China-en-tiempos-del-conflicto-en-Oriente-Medio-768x432.jpg 768w, https:\/\/fundacionincipe.com\/wp-content\/uploads\/2026\/04\/China-en-tiempos-del-conflicto-en-Oriente-Medio.jpg 1920w\" sizes=\"(max-width: 1536px) 100vw, 1536px\" \/><\/div>\n\t\t<\/a>\n\t\t\t\t<div class=\"elementor-post__text\">\n\t\t\t\t<\/div>\n\t\t\t\t<\/article>\n\t\t\t\t<\/div>\n\t\t\n\t\t\t\t<\/div>\n\t\t\t\t<\/div>\n\t\t\t\t\t<\/div>\n\t\t<\/div>\n\t\t\t\t<div class=\"elementor-column elementor-col-50 elementor-top-column elementor-element elementor-element-a678975\" data-id=\"a678975\" data-element_type=\"column\">\n\t\t\t<div class=\"elementor-widget-wrap elementor-element-populated\">\n\t\t\t\t\t\t<div class=\"elementor-element elementor-element-17f44cc elementor-widget elementor-widget-heading\" data-id=\"17f44cc\" data-element_type=\"widget\" data-widget_type=\"heading.default\">\n\t\t\t\t<div class=\"elementor-widget-container\">\n\t\t\t<h2 class=\"elementor-heading-title elementor-size-medium\">Next activity<\/h2>\t\t<\/div>\n\t\t\t\t<\/div>\n\t\t\t\t<div class=\"elementor-element elementor-element-5aa845d elementor-grid-1 elementor-posts--thumbnail-none elementor-posts--align-left elementor-grid-tablet-2 elementor-grid-mobile-1 elementor-widget elementor-widget-posts\" data-id=\"5aa845d\" data-element_type=\"widget\" data-settings=\"{&quot;classic_columns&quot;:&quot;1&quot;,&quot;classic_columns_tablet&quot;:&quot;2&quot;,&quot;classic_columns_mobile&quot;:&quot;1&quot;,&quot;classic_row_gap&quot;:{&quot;unit&quot;:&quot;px&quot;,&quot;size&quot;:35,&quot;sizes&quot;:[]},&quot;classic_row_gap_tablet&quot;:{&quot;unit&quot;:&quot;px&quot;,&quot;size&quot;:&quot;&quot;,&quot;sizes&quot;:[]},&quot;classic_row_gap_mobile&quot;:{&quot;unit&quot;:&quot;px&quot;,&quot;size&quot;:&quot;&quot;,&quot;sizes&quot;:[]}}\" data-widget_type=\"posts.classic\">\n\t\t\t\t<div class=\"elementor-widget-container\">\n\t\t\t\t\t<div class=\"elementor-posts-container elementor-posts elementor-posts--skin-classic elementor-grid\">\n\t\t\t\t<article class=\"elementor-post elementor-grid-item post-22665 post type-post status-publish format-standard has-post-thumbnail hentry category-portada category-proxima-actividad\">\n\t\t\t\t<div class=\"elementor-post__text\">\n\t\t\t\t<h3 class=\"elementor-post__title\">\n\t\t\t<a href=\"https:\/\/fundacionincipe.com\/index.php\/2025\/05\/06\/el-artico-en-el-2025-la-nueva-frontera-geopolitica\/\" >\n\t\t\t\tChina en tiempos del conflicto en Oriente Medio\t\t\t<\/a>\n\t\t<\/h3>\n\t\t\t\t<div class=\"elementor-post__excerpt\">\n\t\t\t<p>\ud83d\udce2 Sesi\u00f3n virtual | Lunes 27 de abril | 12.30 (CEST) \u00a0Acomp\u00e1\u00f1anos en esta sesi\u00f3n virtual el lunes 27 de abril a las 12.30 h (CET) con Rafael Dezcallar, embajador<\/p>\n\t\t<\/div>\n\t\t\t\t<\/div>\n\t\t\t\t<\/article>\n\t\t\t\t<\/div>\n\t\t\n\t\t\t\t<\/div>\n\t\t\t\t<\/div>\n\t\t\t\t\t<\/div>\n\t\t<\/div>\n\t\t\t\t\t<\/div>\n\t\t<\/section>\n\t\t\t\t<section class=\"elementor-section elementor-top-section elementor-element elementor-element-19cd743 elementor-reverse-tablet elementor-reverse-mobile elementor-section-boxed elementor-section-height-default elementor-section-height-default elementor-invisible\" data-id=\"19cd743\" data-element_type=\"section\" data-settings=\"{&quot;animation&quot;:&quot;fadeInRight&quot;}\">\n\t\t\t\t\t\t<div class=\"elementor-container elementor-column-gap-default\">\n\t\t\t\t\t<div class=\"elementor-column elementor-col-50 elementor-top-column elementor-element elementor-element-f9a4797\" data-id=\"f9a4797\" data-element_type=\"column\">\n\t\t\t<div class=\"elementor-widget-wrap elementor-element-populated\">\n\t\t\t\t\t\t<div class=\"elementor-element elementor-element-0e3e6bd elementor-grid-1 e-transform elementor-posts--thumbnail-none elementor-grid-tablet-2 elementor-grid-mobile-1 elementor-widget elementor-widget-posts\" data-id=\"0e3e6bd\" data-element_type=\"widget\" data-settings=\"{&quot;classic_columns&quot;:&quot;1&quot;,&quot;_transform_scale_effect_hover&quot;:{&quot;unit&quot;:&quot;px&quot;,&quot;size&quot;:0.9,&quot;sizes&quot;:[]},&quot;classic_columns_tablet&quot;:&quot;2&quot;,&quot;classic_columns_mobile&quot;:&quot;1&quot;,&quot;classic_row_gap&quot;:{&quot;unit&quot;:&quot;px&quot;,&quot;size&quot;:35,&quot;sizes&quot;:[]},&quot;classic_row_gap_tablet&quot;:{&quot;unit&quot;:&quot;px&quot;,&quot;size&quot;:&quot;&quot;,&quot;sizes&quot;:[]},&quot;classic_row_gap_mobile&quot;:{&quot;unit&quot;:&quot;px&quot;,&quot;size&quot;:&quot;&quot;,&quot;sizes&quot;:[]},&quot;_transform_scale_effect_hover_tablet&quot;:{&quot;unit&quot;:&quot;px&quot;,&quot;size&quot;:&quot;&quot;,&quot;sizes&quot;:[]},&quot;_transform_scale_effect_hover_mobile&quot;:{&quot;unit&quot;:&quot;px&quot;,&quot;size&quot;:&quot;&quot;,&quot;sizes&quot;:[]}}\" data-widget_type=\"posts.classic\">\n\t\t\t\t<div class=\"elementor-widget-container\">\n\t\t\t\t\t<div class=\"elementor-posts-container elementor-posts elementor-posts--skin-classic elementor-grid\">\n\t\t\t\t<article class=\"elementor-post elementor-grid-item post-23377 post type-post status-publish format-standard has-post-thumbnail hentry category-conferencias-y-seminarios category-destacado\">\n\t\t\t\t<div class=\"elementor-post__text\">\n\t\t\t\t<h3 class=\"elementor-post__title\">\n\t\t\t<a href=\"https:\/\/fundacionincipe.com\/index.php\/2025\/11\/25\/xx-seminario-fuerzas-armadas-y-medios-de-comunicacion-la-ciberseguridad-y-las-amenazas-hibridas\/\" >\n\t\t\t\tXX Seminario Fuerzas Armadas y Medios de Comunicaci\u00f3n \u201cLa ciberseguridad y las amenazas h\u00edbridas\u201d\t\t\t<\/a>\n\t\t<\/h3>\n\t\t\t\t<div class=\"elementor-post__excerpt\">\n\t\t\t<p>INCIPE celebr\u00f3 la 20\u00aa edici\u00f3n del Seminario Fuerzas Armadas y Medios de Comunicaci\u00f3n, dedicado en esta ocasi\u00f3n a la ciberseguridad y las amenazas h\u00edbridas. La actividad, organizada en colaboraci\u00f3n con\t\t<\/div>\n\t\t\t\t<\/div>\n\t\t\t\t<\/article>\n\t\t\t\t<\/div>\n\t\t\n\t\t\t\t<\/div>\n\t\t\t\t<\/div>\n\t\t\t\t\t<\/div>\n\t\t<\/div>\n\t\t\t\t<div class=\"elementor-column elementor-col-50 elementor-top-column elementor-element elementor-element-745a990\" data-id=\"745a990\" data-element_type=\"column\">\n\t\t\t<div class=\"elementor-widget-wrap elementor-element-populated\">\n\t\t\t\t\t\t<div class=\"elementor-element elementor-element-e722873 elementor-widget elementor-widget-heading\" data-id=\"e722873\" data-element_type=\"widget\" data-widget_type=\"heading.default\">\n\t\t\t\t<div class=\"elementor-widget-container\">\n\t\t\t<h2 class=\"elementor-heading-title elementor-size-medium\">SPOTLIGHT<\/h2>\t\t<\/div>\n\t\t\t\t<\/div>\n\t\t\t\t<div class=\"elementor-element elementor-element-72c2d1c elementor-grid-1 elementor-posts--align-left elementor-grid-tablet-2 elementor-grid-mobile-1 elementor-posts--thumbnail-top elementor-widget elementor-widget-posts\" data-id=\"72c2d1c\" data-element_type=\"widget\" data-settings=\"{&quot;classic_columns&quot;:&quot;1&quot;,&quot;classic_columns_tablet&quot;:&quot;2&quot;,&quot;classic_columns_mobile&quot;:&quot;1&quot;,&quot;classic_row_gap&quot;:{&quot;unit&quot;:&quot;px&quot;,&quot;size&quot;:35,&quot;sizes&quot;:[]},&quot;classic_row_gap_tablet&quot;:{&quot;unit&quot;:&quot;px&quot;,&quot;size&quot;:&quot;&quot;,&quot;sizes&quot;:[]},&quot;classic_row_gap_mobile&quot;:{&quot;unit&quot;:&quot;px&quot;,&quot;size&quot;:&quot;&quot;,&quot;sizes&quot;:[]}}\" data-widget_type=\"posts.classic\">\n\t\t\t\t<div class=\"elementor-widget-container\">\n\t\t\t\t\t<div class=\"elementor-posts-container elementor-posts elementor-posts--skin-classic elementor-grid\">\n\t\t\t\t<article class=\"elementor-post elementor-grid-item post-23377 post type-post status-publish format-standard has-post-thumbnail hentry category-conferencias-y-seminarios category-destacado\">\n\t\t\t\t<a class=\"elementor-post__thumbnail__link\" href=\"https:\/\/fundacionincipe.com\/index.php\/2025\/11\/25\/xx-seminario-fuerzas-armadas-y-medios-de-comunicacion-la-ciberseguridad-y-las-amenazas-hibridas\/\" tabindex=\"-1\" >\n\t\t\t<div class=\"elementor-post__thumbnail\"><img decoding=\"async\" width=\"2048\" height=\"1152\" src=\"https:\/\/fundacionincipe.com\/wp-content\/uploads\/2025\/11\/Cartela-FAS-y-Medios-2048x1152.jpg\" class=\"attachment-2048x2048 size-2048x2048 wp-image-23365\" alt=\"\" srcset=\"https:\/\/fundacionincipe.com\/wp-content\/uploads\/2025\/11\/Cartela-FAS-y-Medios-2048x1152.jpg 2048w, https:\/\/fundacionincipe.com\/wp-content\/uploads\/2025\/11\/Cartela-FAS-y-Medios-300x169.jpg 300w, https:\/\/fundacionincipe.com\/wp-content\/uploads\/2025\/11\/Cartela-FAS-y-Medios-1024x576.jpg 1024w, https:\/\/fundacionincipe.com\/wp-content\/uploads\/2025\/11\/Cartela-FAS-y-Medios-768x432.jpg 768w, https:\/\/fundacionincipe.com\/wp-content\/uploads\/2025\/11\/Cartela-FAS-y-Medios-1536x864.jpg 1536w\" sizes=\"(max-width: 2048px) 100vw, 2048px\" \/><\/div>\n\t\t<\/a>\n\t\t\t\t<div class=\"elementor-post__text\">\n\t\t\t\t<\/div>\n\t\t\t\t<\/article>\n\t\t\t\t<\/div>\n\t\t\n\t\t\t\t<\/div>\n\t\t\t\t<\/div>\n\t\t\t\t\t<\/div>\n\t\t<\/div>\n\t\t\t\t\t<\/div>\n\t\t<\/section>\n\t\t\t\t<section class=\"elementor-section elementor-top-section elementor-element elementor-element-e6a7699 elementor-section-boxed elementor-section-height-default elementor-section-height-default elementor-invisible\" data-id=\"e6a7699\" data-element_type=\"section\" data-settings=\"{&quot;animation&quot;:&quot;fadeInLeft&quot;}\">\n\t\t\t\t\t\t<div class=\"elementor-container elementor-column-gap-default\">\n\t\t\t\t\t<div class=\"elementor-column elementor-col-50 elementor-top-column elementor-element elementor-element-9b84e21\" data-id=\"9b84e21\" data-element_type=\"column\">\n\t\t\t<div class=\"elementor-widget-wrap elementor-element-populated\">\n\t\t\t\t\t\t<div class=\"elementor-element elementor-element-df0b294 elementor-widget elementor-widget-heading\" data-id=\"df0b294\" data-element_type=\"widget\" data-widget_type=\"heading.default\">\n\t\t\t\t<div class=\"elementor-widget-container\">\n\t\t\t<h2 class=\"elementor-heading-title elementor-size-default\">PRESS RELEASE<\/h2>\t\t<\/div>\n\t\t\t\t<\/div>\n\t\t\t\t<div class=\"elementor-element elementor-element-d2e19b2 elementor-grid-1 elementor-posts--thumbnail-none elementor-grid-tablet-2 elementor-grid-mobile-1 elementor-widget elementor-widget-posts\" data-id=\"d2e19b2\" data-element_type=\"widget\" data-settings=\"{&quot;classic_columns&quot;:&quot;1&quot;,&quot;classic_columns_tablet&quot;:&quot;2&quot;,&quot;classic_columns_mobile&quot;:&quot;1&quot;,&quot;classic_row_gap&quot;:{&quot;unit&quot;:&quot;px&quot;,&quot;size&quot;:35,&quot;sizes&quot;:[]},&quot;classic_row_gap_tablet&quot;:{&quot;unit&quot;:&quot;px&quot;,&quot;size&quot;:&quot;&quot;,&quot;sizes&quot;:[]},&quot;classic_row_gap_mobile&quot;:{&quot;unit&quot;:&quot;px&quot;,&quot;size&quot;:&quot;&quot;,&quot;sizes&quot;:[]}}\" data-widget_type=\"posts.classic\">\n\t\t\t\t<div class=\"elementor-widget-container\">\n\t\t\t\t\t<div class=\"elementor-posts-container elementor-posts elementor-posts--skin-classic elementor-grid\">\n\t\t\t\t<article class=\"elementor-post elementor-grid-item post-19661 post type-post status-publish format-standard has-post-thumbnail hentry category-comunicados category-conferencias-y-seminarios\">\n\t\t\t\t<div class=\"elementor-post__text\">\n\t\t\t\t<h3 class=\"elementor-post__title\">\n\t\t\t<a href=\"https:\/\/fundacionincipe.com\/index.php\/2025\/01\/20\/iberoamerica-en-el-mundo-una-vision-desde-la-segib\/\" >\n\t\t\t\tIberoam\u00e9rica en el mundo: una visi\u00f3n desde la SEGIB\t\t\t<\/a>\n\t\t<\/h3>\n\t\t\t\t<div class=\"elementor-post__excerpt\">\n\t\t\t<p>Sesi\u00f3n virtual con Andr\u00e9s Allamand |<br \/> En un encuentro enriquecedor, el Secretario General Iberoamericano, Andr\u00e9s Allamand, analiz\u00f3 el papel de Iberoam\u00e9rica en el panorama global, ofreciendo una visi\u00f3n clave\t\t<\/div>\n\t\t\t\t<\/div>\n\t\t\t\t<\/article>\n\t\t\t\t<\/div>\n\t\t\n\t\t\t\t<\/div>\n\t\t\t\t<\/div>\n\t\t\t\t\t<\/div>\n\t\t<\/div>\n\t\t\t\t<div class=\"elementor-column elementor-col-50 elementor-top-column elementor-element elementor-element-25d93a1\" data-id=\"25d93a1\" data-element_type=\"column\">\n\t\t\t<div class=\"elementor-widget-wrap elementor-element-populated\">\n\t\t\t\t\t\t<div class=\"elementor-element elementor-element-c586cc3 elementor-grid-1 e-transform elementor-grid-tablet-2 elementor-grid-mobile-1 elementor-posts--thumbnail-top elementor-widget elementor-widget-posts\" data-id=\"c586cc3\" data-element_type=\"widget\" data-settings=\"{&quot;classic_columns&quot;:&quot;1&quot;,&quot;_transform_scale_effect_hover&quot;:{&quot;unit&quot;:&quot;px&quot;,&quot;size&quot;:0.9,&quot;sizes&quot;:[]},&quot;classic_columns_tablet&quot;:&quot;2&quot;,&quot;classic_columns_mobile&quot;:&quot;1&quot;,&quot;classic_row_gap&quot;:{&quot;unit&quot;:&quot;px&quot;,&quot;size&quot;:35,&quot;sizes&quot;:[]},&quot;classic_row_gap_tablet&quot;:{&quot;unit&quot;:&quot;px&quot;,&quot;size&quot;:&quot;&quot;,&quot;sizes&quot;:[]},&quot;classic_row_gap_mobile&quot;:{&quot;unit&quot;:&quot;px&quot;,&quot;size&quot;:&quot;&quot;,&quot;sizes&quot;:[]},&quot;_transform_scale_effect_hover_tablet&quot;:{&quot;unit&quot;:&quot;px&quot;,&quot;size&quot;:&quot;&quot;,&quot;sizes&quot;:[]},&quot;_transform_scale_effect_hover_mobile&quot;:{&quot;unit&quot;:&quot;px&quot;,&quot;size&quot;:&quot;&quot;,&quot;sizes&quot;:[]}}\" data-widget_type=\"posts.classic\">\n\t\t\t\t<div class=\"elementor-widget-container\">\n\t\t\t\t\t<div class=\"elementor-posts-container elementor-posts elementor-posts--skin-classic elementor-grid\">\n\t\t\t\t<article class=\"elementor-post elementor-grid-item post-19661 post type-post status-publish format-standard has-post-thumbnail hentry category-comunicados category-conferencias-y-seminarios\">\n\t\t\t\t<a class=\"elementor-post__thumbnail__link\" href=\"https:\/\/fundacionincipe.com\/index.php\/2025\/01\/20\/iberoamerica-en-el-mundo-una-vision-desde-la-segib\/\" tabindex=\"-1\" >\n\t\t\t<div class=\"elementor-post__thumbnail\"><img decoding=\"async\" width=\"800\" height=\"450\" src=\"https:\/\/fundacionincipe.com\/wp-content\/uploads\/2025\/01\/Iberoamerica-en-el-mundo-una-vision-desde-la-SEGIB-1024x576.jpg\" class=\"attachment-large size-large wp-image-19662\" alt=\"\" srcset=\"https:\/\/fundacionincipe.com\/wp-content\/uploads\/2025\/01\/Iberoamerica-en-el-mundo-una-vision-desde-la-SEGIB-1024x576.jpg 1024w, https:\/\/fundacionincipe.com\/wp-content\/uploads\/2025\/01\/Iberoamerica-en-el-mundo-una-vision-desde-la-SEGIB-300x169.jpg 300w, https:\/\/fundacionincipe.com\/wp-content\/uploads\/2025\/01\/Iberoamerica-en-el-mundo-una-vision-desde-la-SEGIB-768x432.jpg 768w, https:\/\/fundacionincipe.com\/wp-content\/uploads\/2025\/01\/Iberoamerica-en-el-mundo-una-vision-desde-la-SEGIB-1536x864.jpg 1536w, https:\/\/fundacionincipe.com\/wp-content\/uploads\/2025\/01\/Iberoamerica-en-el-mundo-una-vision-desde-la-SEGIB.jpg 1920w\" sizes=\"(max-width: 800px) 100vw, 800px\" \/><\/div>\n\t\t<\/a>\n\t\t\t\t<div class=\"elementor-post__text\">\n\t\t\t\t<\/div>\n\t\t\t\t<\/article>\n\t\t\t\t<\/div>\n\t\t\n\t\t\t\t<\/div>\n\t\t\t\t<\/div>\n\t\t\t\t\t<\/div>\n\t\t<\/div>\n\t\t\t\t\t<\/div>\n\t\t<\/section>\n\t\t\t\t<\/div>\n\t\t","protected":false},"excerpt":{"rendered":"<p>Next activity SPOTLIGHT PRESS RELEASE<\/p>\n","protected":false},"author":1,"featured_media":0,"parent":0,"menu_order":0,"comment_status":"closed","ping_status":"closed","template":"","meta":{"_acf_changed":false,"footnotes":""},"class_list":["post-12405","page","type-page","status-publish","hentry"],"acf":[],"_links":{"self":[{"href":"https:\/\/fundacionincipe.com\/index.php\/wp-json\/wp\/v2\/pages\/12405","targetHints":{"allow":["GET"]}}],"collection":[{"href":"https:\/\/fundacionincipe.com\/index.php\/wp-json\/wp\/v2\/pages"}],"about":[{"href":"https:\/\/fundacionincipe.com\/index.php\/wp-json\/wp\/v2\/types\/page"}],"author":[{"embeddable":true,"href":"https:\/\/fundacionincipe.com\/index.php\/wp-json\/wp\/v2\/users\/1"}],"replies":[{"embeddable":true,"href":"https:\/\/fundacionincipe.com\/index.php\/wp-json\/wp\/v2\/comments?post=12405"}],"version-history":[{"count":28,"href":"https:\/\/fundacionincipe.com\/index.php\/wp-json\/wp\/v2\/pages\/12405\/revisions"}],"predecessor-version":[{"id":15492,"href":"https:\/\/fundacionincipe.com\/index.php\/wp-json\/wp\/v2\/pages\/12405\/revisions\/15492"}],"wp:attachment":[{"href":"https:\/\/fundacionincipe.com\/index.php\/wp-json\/wp\/v2\/media?parent=12405"}],"curies":[{"name":"wp","href":"https:\/\/api.w.org\/{rel}","templated":true}]}}